{"id":38,"date":"2014-03-30T16:04:33","date_gmt":"2014-03-30T15:04:33","guid":{"rendered":"http:\/\/tolokoban.org\/luc\/?page_id=38"},"modified":"2022-04-05T17:19:51","modified_gmt":"2022-04-05T16:19:51","slug":"dernieres-nouvelles","status":"publish","type":"page","link":"http:\/\/tolokoban.org\/luc\/?page_id=38","title":{"rendered":"Derni\u00e8res nouvelles"},"content":{"rendered":"\n<p>D\u00e9c\u00e8s de notre cousin pr\u00eatre Robert CHONE le 27 mars 2022 \u00e0 l&rsquo;\u00e2ge de 82 ans.<\/p>\n\n\n\n<figure class=\"wp-block-image size-large\"><img decoding=\"async\" loading=\"lazy\" width=\"232\" height=\"320\" src=\"http:\/\/tolokoban.org\/luc\/wp-content\/uploads\/2022\/04\/Robert-chon\u00e9.jpeg\" alt=\"\" class=\"wp-image-505\" srcset=\"http:\/\/tolokoban.org\/luc\/wp-content\/uploads\/2022\/04\/Robert-chon\u00e9.jpeg 232w, http:\/\/tolokoban.org\/luc\/wp-content\/uploads\/2022\/04\/Robert-chon\u00e9-218x300.jpeg 218w\" sizes=\"(max-width: 232px) 100vw, 232px\" \/><\/figure>\n\n\n\n<p><\/p>\n\n\n<p><a href=\"http:\/\/tolokoban.org\/luc\/wp-content\/uploads\/2019\/01\/Photo-commun-Sivry-05-1958.jpg\"><img decoding=\"async\" loading=\"lazy\" class=\"alignnone size-medium wp-image-472\" src=\"http:\/\/tolokoban.org\/luc\/wp-content\/uploads\/2019\/01\/Photo-commun-Sivry-05-1958-300x224.jpg\" alt=\"\" width=\"300\" height=\"224\" srcset=\"http:\/\/tolokoban.org\/luc\/wp-content\/uploads\/2019\/01\/Photo-commun-Sivry-05-1958-300x224.jpg 300w, http:\/\/tolokoban.org\/luc\/wp-content\/uploads\/2019\/01\/Photo-commun-Sivry-05-1958-768x574.jpg 768w, http:\/\/tolokoban.org\/luc\/wp-content\/uploads\/2019\/01\/Photo-commun-Sivry-05-1958-1024x766.jpg 1024w, http:\/\/tolokoban.org\/luc\/wp-content\/uploads\/2019\/01\/Photo-commun-Sivry-05-1958-624x467.jpg 624w, http:\/\/tolokoban.org\/luc\/wp-content\/uploads\/2019\/01\/Photo-commun-Sivry-05-1958.jpg 1849w\" sizes=\"(max-width: 300px) 100vw, 300px\" \/><\/a><a href=\"http:\/\/tolokoban.org\/luc\/wp-content\/uploads\/2019\/01\/Rep\u00e9rage-des-commun.jpg\"><img decoding=\"async\" loading=\"lazy\" class=\"alignnone size-medium wp-image-473\" src=\"http:\/\/tolokoban.org\/luc\/wp-content\/uploads\/2019\/01\/Rep\u00e9rage-des-commun-202x300.jpg\" alt=\"\" width=\"202\" height=\"300\" srcset=\"http:\/\/tolokoban.org\/luc\/wp-content\/uploads\/2019\/01\/Rep\u00e9rage-des-commun-202x300.jpg 202w, http:\/\/tolokoban.org\/luc\/wp-content\/uploads\/2019\/01\/Rep\u00e9rage-des-commun-768x1143.jpg 768w, http:\/\/tolokoban.org\/luc\/wp-content\/uploads\/2019\/01\/Rep\u00e9rage-des-commun-688x1024.jpg 688w, http:\/\/tolokoban.org\/luc\/wp-content\/uploads\/2019\/01\/Rep\u00e9rage-des-commun-624x928.jpg 624w\" sizes=\"(max-width: 202px) 100vw, 202px\" \/><\/a><a href=\"http:\/\/tolokoban.org\/luc\/wp-content\/uploads\/2018\/05\/SIVRY-1951.jpg\"><img decoding=\"async\" loading=\"lazy\" class=\"alignnone wp-image-467\" src=\"http:\/\/tolokoban.org\/luc\/wp-content\/uploads\/2018\/05\/SIVRY-1951-300x216.jpg\" alt=\"\" width=\"365\" height=\"263\" srcset=\"http:\/\/tolokoban.org\/luc\/wp-content\/uploads\/2018\/05\/SIVRY-1951-300x216.jpg 300w, http:\/\/tolokoban.org\/luc\/wp-content\/uploads\/2018\/05\/SIVRY-1951-768x553.jpg 768w, http:\/\/tolokoban.org\/luc\/wp-content\/uploads\/2018\/05\/SIVRY-1951-1024x738.jpg 1024w, http:\/\/tolokoban.org\/luc\/wp-content\/uploads\/2018\/05\/SIVRY-1951-624x450.jpg 624w\" sizes=\"(max-width: 365px) 100vw, 365px\" \/><\/a><\/p>\n<p>1951 \u00e0 Sivry : 3\u00b0 rang, 2\u00b0 \u00e0 partir de la gauche : Marie-Reine<\/p>\n<p>Dernier rang en haut : 3\u00b0 \u00e0 partir de la gauche : Dominique.<\/p>\n<p>Celle de gauche qui tient l&rsquo;ardoise : Notre cousine Christine Gillet.<\/p>\n<p>\u00a0<\/p>\n<p>Petit compte rendu de notre (Luc et Franca)voyage en camping-car en Espagne du nord en avril 2018.<\/p>\n<p><a href=\"http:\/\/tolokoban.org\/luc\/wp-content\/uploads\/2018\/05\/Espagne-du-nord-2018.odt\">Espagne du nord 2018<\/a><\/p>\n<p><a href=\"http:\/\/tolokoban.org\/luc\/wp-content\/uploads\/2018\/05\/Espagne-du-nord-2018.suite_.odt\">Espagne du nord 2018.suite<\/a><\/p>\n<p><a href=\"http:\/\/tolokoban.org\/luc\/wp-content\/uploads\/2018\/05\/Espagne-du-nord-2018.suite2_.odt\">Espagne du nord 2018.suite2<\/a><\/p>\n<p><a href=\"http:\/\/tolokoban.org\/luc\/wp-content\/uploads\/2018\/05\/Espagne-du-nord-2018.suite3_.odt\">Espagne du nord 2018.suite3<\/a><\/p>\n<p>\u00a0<\/p>\n<p>Luc et Franca et Patrice et Chantal en Pologne en septembre 2017<\/p>\n<p>Patrice, Chantal, Edith et Gaston au Maroc du 2 novembre au 19 d\u00e9cembre.<\/p>\n<p>Luc et Franca en Andalousie du 6 octobre au 19 novembre.<\/p>\n<p>F\u00eate \u00e0 Chevanceaux pour les 80 ans de No\u00eblle le 15 mai.<\/p>\n<p>Cousinade au ch\u00e2teau de Puxe pour les Chon\u00e9 le 15 mai.<\/p>\n<p>Dom et Jacqueline de retour de leur troisi\u00e8me s\u00e9jour en Inde.<\/p>\n<p>D\u00e9c\u00e8s de Jean Fontaine le 19 janvier.<\/p>\n<p>De retour le 5 f\u00e9vrier dans l&rsquo;apr\u00e8s-midi. 5 semaines\u00a0 et 6000kms parcourus.<\/p>\n<p>On sera absent tout le mois de janvier. On part en camping-car avec Patrice et Chantal pour la Sicile . On v\u00e9rifiera nos mails de temps \u00e0 autre selon les disponibilit\u00e9s wifi.<\/p>\n<p>Edith et Gaston ont pass\u00e9 un peu plus d&rsquo;un mois au Maroc.<\/p>\n<p>Etienne et Brigitte rentrent de 12 jours en Tha\u00eflande.<\/p>\n<p>Dom et jacqueline rentrent du Viet-Nam.<\/p>\n<p>D\u00e9c\u00e8s de notre cousin Jean-Marie GILLET le 23 septembre 2015. Il avait 77 ans.<\/p>\n<p>Mathilde est au Canada et a toujours besoin d&rsquo;un petit coup de main financier : https:\/\/revolusport.com\/projets\/mathilde-petitjean-le-togo-fonce-vers-les-jo-dhiver-2018\/details<\/p>\n<p>\u00a0<\/p>\n<p>Tous les Bulletins (de 1 \u00e0 88) sont d\u00e9sormais en ligne sur ce site en PDF.<\/p>\n<p>Bonne lecture !<\/p>\n<p>\u00a0<\/p>\n<p>\u00a0<\/p>\n<p>\u00a0<\/p>\n<div dir=\"ltr\" style=\"font-size: 16.6667px; font-family: sans-serif; left: 744.054px; top: 387.784px; transform: rotate(0deg) scale(0.690909, 1); transform-origin: 0% 0% 0px;\" data-angle=\"0\" data-font-name=\"ArialNarrow\" data-canvas-width=\"7.599999818801881\">\u00a0<\/div>\n<div dir=\"ltr\" style=\"font-size: 16.6667px; font-family: sans-serif; left: 744.054px; top: 387.784px; transform: rotate(0deg) scale(0.690909, 1); transform-origin: 0% 0% 0px;\" data-angle=\"0\" data-font-name=\"ArialNarrow\" data-canvas-width=\"7.599999818801881\">\u00a0<\/div>\n<div dir=\"ltr\" style=\"font-size: 16.6667px; font-family: sans-serif; left: 744.054px; top: 387.784px; transform: rotate(0deg) scale(0.690909, 1); transform-origin: 0% 0% 0px;\" data-angle=\"0\" data-font-name=\"ArialNarrow\" data-canvas-width=\"7.599999818801881\">\u00a0<\/div>\n<div dir=\"ltr\" style=\"font-size: 16.6667px; font-family: sans-serif; left: 744.054px; top: 387.784px; transform: rotate(0deg) scale(0.690909, 1); transform-origin: 0% 0% 0px;\" data-angle=\"0\" data-font-name=\"ArialNarrow\" data-canvas-width=\"7.599999818801881\">\u00a0<\/div>","protected":false},"excerpt":{"rendered":"<p>D\u00e9c\u00e8s de notre cousin pr\u00eatre Robert CHONE le 27 mars 2022 \u00e0 l&rsquo;\u00e2ge de 82 ans. 1951 \u00e0 Sivry : 3\u00b0 rang, 2\u00b0 \u00e0 partir de la gauche : Marie-Reine Dernier rang en haut : 3\u00b0 \u00e0 partir de la gauche : Dominique. Celle de gauche qui tient l&rsquo;ardoise : Notre cousine Christine Gillet. \u00a0 [&hellip;]<\/p>\n","protected":false},"author":1,"featured_media":0,"parent":0,"menu_order":0,"comment_status":"open","ping_status":"open","template":"","meta":[],"_links":{"self":[{"href":"http:\/\/tolokoban.org\/luc\/index.php?rest_route=\/wp\/v2\/pages\/38"}],"collection":[{"href":"http:\/\/tolokoban.org\/luc\/index.php?rest_route=\/wp\/v2\/pages"}],"about":[{"href":"http:\/\/tolokoban.org\/luc\/index.php?rest_route=\/wp\/v2\/types\/page"}],"author":[{"embeddable":true,"href":"http:\/\/tolokoban.org\/luc\/index.php?rest_route=\/wp\/v2\/users\/1"}],"replies":[{"embeddable":true,"href":"http:\/\/tolokoban.org\/luc\/index.php?rest_route=%2Fwp%2Fv2%2Fcomments&post=38"}],"version-history":[{"count":28,"href":"http:\/\/tolokoban.org\/luc\/index.php?rest_route=\/wp\/v2\/pages\/38\/revisions"}],"predecessor-version":[{"id":509,"href":"http:\/\/tolokoban.org\/luc\/index.php?rest_route=\/wp\/v2\/pages\/38\/revisions\/509"}],"wp:attachment":[{"href":"http:\/\/tolokoban.org\/luc\/index.php?rest_route=%2Fwp%2Fv2%2Fmedia&parent=38"}],"curies":[{"name":"wp","href":"https:\/\/api.w.org\/{rel}","templated":true}]}}